{"id":9,"date":"2014-05-22T19:00:43","date_gmt":"2014-05-22T19:00:43","guid":{"rendered":"http:\/\/amussol.org.do\/web\/?page_id=9"},"modified":"2025-12-08T16:27:09","modified_gmt":"2025-12-08T20:27:09","slug":"publicaciones","status":"publish","type":"page","link":"https:\/\/amussol.org.do\/?page_id=9","title":{"rendered":"PUBLICACIONES"},"content":{"rendered":"<p>&nbsp;<\/p>\n<p><strong>20.\u00aa Reuni\u00f3n Regional Americana<\/strong><\/p>\n<p>1-3 de octubre de 2025, Punta Cana<\/p>\n<p><a href=\"http:\/\/amussol.org.do\/wp-content\/uploads\/2025\/10\/WhatsApp-Image-2025-10-08-at-11.22.21-PM.webp\"><img fetchpriority=\"high\" decoding=\"async\" class=\"alignleft wp-image-3104 size-full\" src=\"http:\/\/amussol.org.do\/wp-content\/uploads\/2025\/10\/WhatsApp-Image-2025-10-08-at-11.22.21-PM.webp\" alt=\"\" width=\"780\" height=\"507\" srcset=\"https:\/\/amussol.org.do\/wp-content\/uploads\/2025\/10\/WhatsApp-Image-2025-10-08-at-11.22.21-PM.webp 780w, https:\/\/amussol.org.do\/wp-content\/uploads\/2025\/10\/WhatsApp-Image-2025-10-08-at-11.22.21-PM-300x195.webp 300w, https:\/\/amussol.org.do\/wp-content\/uploads\/2025\/10\/WhatsApp-Image-2025-10-08-at-11.22.21-PM-768x499.webp 768w\" sizes=\"(max-width: 780px) 100vw, 780px\" \/><\/a><\/p>\n<p>Declaraci\u00f3n de Punta Cana para la democracia, paz, trabajo decente y di\u00e1logo social: uniendo a las Am\u00e9ricas para un futuro con desarrollo sostenible y justicia social.<\/p>\n<p><a href=\"http:\/\/amussol.org.do\/wp-content\/uploads\/2025\/10\/Declaracion-Conferencia-OIT-Americas.pdf\">M\u00e1s informaci\u00f3n<\/a><\/p>\n<p>&nbsp;<\/p>\n<p><strong>Jornada Mundial por el Trabajo Decente, <\/strong><strong>Por la dignidad, la igualdad y los derechos de todas las personas trabajadoras.<\/strong><\/p>\n<p>Este 7 de octubre, las organizaciones sindicales y sociales que nos articulamos en la Red INSP!R Am\u00e9rica Latina y El Caribe reafirmamos con profunda convicci\u00f3n que el trabajo decente no es un privilegio, es un derecho humano; lo que nos convoca a renovar los compromisos colectivos con la dignidad, la justicia social y la igualdad de oportunidades para todas y todos.<\/p>\n<p><strong>Documento de referencia: <\/strong><a href=\"http:\/\/amussol.org.do\/wp-content\/uploads\/2025\/10\/Pronunciamiento_jornada-de-trabajo-decente-7-de-oc_251008_231832.pdf\">M\u00e1s Informaci\u00f3n<\/a><\/p>\n<h3><\/h3>\n<p>&nbsp;<\/p>\n<h4><strong><span style=\"color: #384a54;\">MATERIAL INFORMATIVO<\/span><\/strong><\/h4>\n<h5><a href=\"http:\/\/amussol.org.do\/wp-content\/uploads\/2023\/02\/Resumen-Informe-Final-Estudio.pdf\" target=\"_blank\" rel=\"noopener\"><br \/>\nResumen Informe Final Estudio -Diagnostico sobre Demanda Servicios de Salud cercania CPN CASC-Rev. 30082022<\/a><\/h5>\n<h5><a href=\"https:\/\/csa-csi.org\/2021\/04\/28\/jornada-del-28-de-abril-defendamos-la-salud-y-la-vida-por-encima-del-lucro\/\" target=\"_blank\" rel=\"noopener\"><br \/>\nJornada del 28 de abril: Defendamos la salud y la vida por encima del lucro | CSA (csa-csi.org)<\/a><\/h5>\n<p>&nbsp;<\/p>\n<p><a href=\"http:\/\/amussol.org.do\/wp-content\/uploads\/2020\/12\/LINFOGRAMAS.pdf\" target=\"_blank\" rel=\"noopener\">LINFOGRAMAS<\/a><\/p>\n<p>&nbsp;<\/p>\n<p><a href=\"http:\/\/amussol.org.do\/wp-content\/uploads\/2020\/12\/BALANCE-SINDICAL-2020.pdf\" target=\"_blank\" rel=\"noopener\">BALANCE SINDICAL 2020<\/a><\/p>\n<p>&nbsp;<\/p>\n<p><strong>SITUACION DE LOS TRABAJADORES INFORMALES EN LA PANDEMIA COVID-19<\/strong><\/p>\n<blockquote class=\"wp-embedded-content\" data-secret=\"jAY487npyO\"><p><a href=\"https:\/\/www.nodal.am\/2020\/04\/republica-dominicana-entrevista-a-la-dirigenta-sindical-francisca-jimenez-los-trabajadores-de-la-economia-informal-son-los-mas-afectados\/\">Rep\u00fablica Dominicana | Entrevista a la dirigenta sindical Francisca Jim\u00e9nez: \u201cLos trabajadores de la econom\u00eda informal son los m\u00e1s afectados\u201d<\/a><\/p><\/blockquote>\n<p><iframe class=\"wp-embedded-content\" sandbox=\"allow-scripts\" security=\"restricted\" style=\"position: absolute; clip: rect(1px, 1px, 1px, 1px);\" title=\"\u00abRep\u00fablica Dominicana | Entrevista a la dirigenta sindical Francisca Jim\u00e9nez: \u201cLos trabajadores de la econom\u00eda informal son los m\u00e1s afectados\u201d\u00bb \u2014 NODAL\" src=\"https:\/\/www.nodal.am\/2020\/04\/republica-dominicana-entrevista-a-la-dirigenta-sindical-francisca-jimenez-los-trabajadores-de-la-economia-informal-son-los-mas-afectados\/embed\/#?secret=BQoQwkFUY1#?secret=jAY487npyO\" data-secret=\"jAY487npyO\" width=\"500\" height=\"282\" frameborder=\"0\" marginwidth=\"0\" marginheight=\"0\" scrolling=\"no\"><\/iframe><\/p>\n<p><a href=\"http:\/\/amussol.org.do\/wp-content\/uploads\/2019\/12\/Llamado-a-la-Acci\u00f3n-ES-USP2030.pdf\">Llamado a la Acci\u00f3n ES (USP2030)<\/a><\/p>\n<p><a href=\"http:\/\/amussol.org.do\/wp-content\/uploads\/2019\/05\/Protecci\u00f3n-social-publicaci\u00f3n-Red-tem\u00e1tica-ESP-2019.pdf\">Protecci\u00f3n social <\/a><\/p>\n<p><a href=\"http:\/\/amussol.org.do\/wp-content\/uploads\/2019\/05\/Publicaci\u00f3n-PS-Buenas-practicas-Am\u00e9rica-Latina-ESP-1.pdf\">Buenas practicas Am\u00e9rica Latina<\/a><\/p>\n<p><a href=\"http:\/\/amussol.org.do\/wp-content\/uploads\/2018\/05\/Brochure-las-3-R.pdf\">Brochure Las 3 R<\/a><\/p>\n<p><a href=\"http:\/\/amussol.org.do\/wp-content\/uploads\/2014\/05\/afiche-domestica.pdf\">Afiche Campa\u00f1a Domestica<\/a>s<\/p>\n<p>A<a href=\"http:\/\/amussol.org.do\/wp-content\/uploads\/2014\/05\/afiche-mujer-trabajadora.pdf\">fiche Mujer Trabajadora<\/a><\/p>\n<p>B<a href=\"http:\/\/amussol.org.do\/wp-content\/uploads\/2014\/05\/banjante-amussol-ee.pdf\">ajante Amussol<\/a><\/p>\n<p>B<a href=\"http:\/\/amussol.org.do\/wp-content\/uploads\/2014\/05\/brochures-domesticas-correcion-final.pdf\">rochure Domesticas\u00a0<\/a><\/p>\n<h5><a href=\"http:\/\/amussol.org.do\/wp-content\/uploads\/2014\/05\/BROCHURES-QUE-SOMOS-AMUSSOL.pdf\"><sup>Brochure Que Somos Amussol<\/sup><\/a><\/h5>\n<h5><a href=\"http:\/\/amussol.org.do\/wp-content\/uploads\/2018\/12\/MOVIMIENTO-SINDICAL-PROPUESTA-DE-MODIFICACION-A-LA-LEY-87-01.doc\">Movimiento Sindical, Propuesta de Modificaci\u00f3n a la Ley\u00a0<sub>87-01<\/sub><\/a><\/h5>\n<p>Campa\u00f1a\u00a0<a href=\"http:\/\/amussol.org.do\/wp-content\/uploads\/2014\/05\/sub-enfermedad-comun.pdf\">Subsidio por Enfermedad Com\u00fan<\/a><\/p>\n<h5><span style=\"text-decoration: underline;\"><strong>Pasantia en AMUSSOL-CASC\u00a0 dirigentes WSM<\/strong><\/span><\/h5>\n<p><a href=\"http:\/\/amussol.org.do\/wp-content\/uploads\/2014\/05\/formato-pasantia.docx\">Formato Pasantia<\/a><\/p>\n<p><a href=\"http:\/\/amussol.org.do\/wp-content\/uploads\/2014\/05\/programa_visita_del_21_al_27_de_junio.docx\">Programa Visita del 21 al 27 de junio<\/a><\/p>\n<p><em><span style=\"text-decoration: underline;\"><strong>Politica y Algo Mas, La Importacia de la Amussol (18\/02\/2009)<\/strong><\/span><\/em><\/p>\n<p><a href=\"http:\/\/amussol.org.do\/wp-content\/uploads\/2014\/05\/DATO-2009.jpg\"><img decoding=\"async\" class=\"alignnone size-thumbnail wp-image-463\" src=\"http:\/\/amussol.org.do\/wp-content\/uploads\/2014\/05\/DATO-2009-150x150.jpg\" alt=\"DATO 2009\" width=\"150\" height=\"150\" \/><\/a> <a href=\"http:\/\/amussol.org.do\/wp-content\/uploads\/2014\/05\/DATO-2009..jpg\"><img decoding=\"async\" class=\"alignnone size-thumbnail wp-image-462\" src=\"http:\/\/amussol.org.do\/wp-content\/uploads\/2014\/05\/DATO-2009.-150x150.jpg\" alt=\"DATO 2009.\" width=\"150\" height=\"150\" \/><\/a><\/p>\n<h3><strong>Fotos<\/strong><\/h3>\n<figure id=\"attachment_764\" aria-describedby=\"caption-attachment-764\" style=\"width: 300px\" class=\"wp-caption alignleft\"><a href=\"http:\/\/amussol.org.do\/wp-content\/uploads\/2019\/12\/Participantes-Semana-Global-de-la-Proteccion-Social.jpg\"><img loading=\"lazy\" decoding=\"async\" class=\"size-medium wp-image-764\" src=\"http:\/\/amussol.org.do\/wp-content\/uploads\/2019\/12\/Participantes-Semana-Global-de-la-Proteccion-Social-300x236.jpg\" alt=\"\" width=\"300\" height=\"236\" srcset=\"https:\/\/amussol.org.do\/wp-content\/uploads\/2019\/12\/Participantes-Semana-Global-de-la-Proteccion-Social-300x236.jpg 300w, https:\/\/amussol.org.do\/wp-content\/uploads\/2019\/12\/Participantes-Semana-Global-de-la-Proteccion-Social-768x604.jpg 768w, https:\/\/amussol.org.do\/wp-content\/uploads\/2019\/12\/Participantes-Semana-Global-de-la-Proteccion-Social-60x47.jpg 60w, https:\/\/amussol.org.do\/wp-content\/uploads\/2019\/12\/Participantes-Semana-Global-de-la-Proteccion-Social-120x94.jpg 120w, https:\/\/amussol.org.do\/wp-content\/uploads\/2019\/12\/Participantes-Semana-Global-de-la-Proteccion-Social-343x270.jpg 343w, https:\/\/amussol.org.do\/wp-content\/uploads\/2019\/12\/Participantes-Semana-Global-de-la-Proteccion-Social-203x160.jpg 203w, https:\/\/amussol.org.do\/wp-content\/uploads\/2019\/12\/Participantes-Semana-Global-de-la-Proteccion-Social-687x540.jpg 687w, https:\/\/amussol.org.do\/wp-content\/uploads\/2019\/12\/Participantes-Semana-Global-de-la-Proteccion-Social-252x198.jpg 252w, https:\/\/amussol.org.do\/wp-content\/uploads\/2019\/12\/Participantes-Semana-Global-de-la-Proteccion-Social.jpg 960w\" sizes=\"(max-width: 300px) 100vw, 300px\" \/><\/a><figcaption id=\"caption-attachment-764\" class=\"wp-caption-text\">Conferencia de Alto nivel sobre el logo de lo ODS 3.1 y la Protecci\u00f3n Social Universal del Futuro del Trabajo.<\/figcaption><\/figure>\n<figure id=\"attachment_762\" aria-describedby=\"caption-attachment-762\" style=\"width: 300px\" class=\"wp-caption alignleft\"><a href=\"http:\/\/amussol.org.do\/wp-content\/uploads\/2019\/12\/3er-Taller-Reforzamiento-de-Capacidades-AMUSSOL.jpg\"><img loading=\"lazy\" decoding=\"async\" class=\"size-medium wp-image-762\" src=\"http:\/\/amussol.org.do\/wp-content\/uploads\/2019\/12\/3er-Taller-Reforzamiento-de-Capacidades-AMUSSOL-300x225.jpg\" alt=\"\" width=\"300\" height=\"225\" srcset=\"https:\/\/amussol.org.do\/wp-content\/uploads\/2019\/12\/3er-Taller-Reforzamiento-de-Capacidades-AMUSSOL-300x225.jpg 300w, https:\/\/amussol.org.do\/wp-content\/uploads\/2019\/12\/3er-Taller-Reforzamiento-de-Capacidades-AMUSSOL-768x576.jpg 768w, https:\/\/amussol.org.do\/wp-content\/uploads\/2019\/12\/3er-Taller-Reforzamiento-de-Capacidades-AMUSSOL-1024x768.jpg 1024w, https:\/\/amussol.org.do\/wp-content\/uploads\/2019\/12\/3er-Taller-Reforzamiento-de-Capacidades-AMUSSOL-60x45.jpg 60w, https:\/\/amussol.org.do\/wp-content\/uploads\/2019\/12\/3er-Taller-Reforzamiento-de-Capacidades-AMUSSOL-120x90.jpg 120w, https:\/\/amussol.org.do\/wp-content\/uploads\/2019\/12\/3er-Taller-Reforzamiento-de-Capacidades-AMUSSOL-360x270.jpg 360w, https:\/\/amussol.org.do\/wp-content\/uploads\/2019\/12\/3er-Taller-Reforzamiento-de-Capacidades-AMUSSOL-213x160.jpg 213w, https:\/\/amussol.org.do\/wp-content\/uploads\/2019\/12\/3er-Taller-Reforzamiento-de-Capacidades-AMUSSOL-720x540.jpg 720w, https:\/\/amussol.org.do\/wp-content\/uploads\/2019\/12\/3er-Taller-Reforzamiento-de-Capacidades-AMUSSOL-252x189.jpg 252w, https:\/\/amussol.org.do\/wp-content\/uploads\/2019\/12\/3er-Taller-Reforzamiento-de-Capacidades-AMUSSOL.jpg 1280w\" sizes=\"(max-width: 300px) 100vw, 300px\" \/><\/a><figcaption id=\"caption-attachment-762\" class=\"wp-caption-text\">3er Taller Reforzamiento de Capacidades AMUSSOL 2019<\/figcaption><\/figure>\n<figure id=\"attachment_763\" aria-describedby=\"caption-attachment-763\" style=\"width: 300px\" class=\"wp-caption alignnone\"><a href=\"http:\/\/amussol.org.do\/wp-content\/uploads\/2019\/12\/Almuerzo-Confraternidad.jpg\"><img loading=\"lazy\" decoding=\"async\" class=\"size-medium wp-image-763\" src=\"http:\/\/amussol.org.do\/wp-content\/uploads\/2019\/12\/Almuerzo-Confraternidad-300x225.jpg\" alt=\"\" width=\"300\" height=\"225\" srcset=\"https:\/\/amussol.org.do\/wp-content\/uploads\/2019\/12\/Almuerzo-Confraternidad-300x225.jpg 300w, https:\/\/amussol.org.do\/wp-content\/uploads\/2019\/12\/Almuerzo-Confraternidad-768x576.jpg 768w, https:\/\/amussol.org.do\/wp-content\/uploads\/2019\/12\/Almuerzo-Confraternidad-1024x768.jpg 1024w, https:\/\/amussol.org.do\/wp-content\/uploads\/2019\/12\/Almuerzo-Confraternidad-60x45.jpg 60w, https:\/\/amussol.org.do\/wp-content\/uploads\/2019\/12\/Almuerzo-Confraternidad-120x90.jpg 120w, https:\/\/amussol.org.do\/wp-content\/uploads\/2019\/12\/Almuerzo-Confraternidad-360x270.jpg 360w, https:\/\/amussol.org.do\/wp-content\/uploads\/2019\/12\/Almuerzo-Confraternidad-213x160.jpg 213w, https:\/\/amussol.org.do\/wp-content\/uploads\/2019\/12\/Almuerzo-Confraternidad-720x540.jpg 720w, https:\/\/amussol.org.do\/wp-content\/uploads\/2019\/12\/Almuerzo-Confraternidad-252x189.jpg 252w, https:\/\/amussol.org.do\/wp-content\/uploads\/2019\/12\/Almuerzo-Confraternidad.jpg 1280w\" sizes=\"(max-width: 300px) 100vw, 300px\" \/><\/a><figcaption id=\"caption-attachment-763\" class=\"wp-caption-text\">Almuerzo Confraternidad de la CASC 2019<\/figcaption><\/figure>\n<figure id=\"attachment_760\" aria-describedby=\"caption-attachment-760\" style=\"width: 300px\" class=\"wp-caption alignnone\"><a href=\"http:\/\/amussol.org.do\/wp-content\/uploads\/2019\/12\/Reunion-Comite-De-Pilotaje-Guatemala-2019.jpg\"><img loading=\"lazy\" decoding=\"async\" class=\"size-medium wp-image-760\" src=\"http:\/\/amussol.org.do\/wp-content\/uploads\/2019\/12\/Reunion-Comite-De-Pilotaje-Guatemala-2019-300x225.jpg\" alt=\"\" width=\"300\" height=\"225\" srcset=\"https:\/\/amussol.org.do\/wp-content\/uploads\/2019\/12\/Reunion-Comite-De-Pilotaje-Guatemala-2019-300x225.jpg 300w, https:\/\/amussol.org.do\/wp-content\/uploads\/2019\/12\/Reunion-Comite-De-Pilotaje-Guatemala-2019-768x576.jpg 768w, https:\/\/amussol.org.do\/wp-content\/uploads\/2019\/12\/Reunion-Comite-De-Pilotaje-Guatemala-2019-1024x768.jpg 1024w, https:\/\/amussol.org.do\/wp-content\/uploads\/2019\/12\/Reunion-Comite-De-Pilotaje-Guatemala-2019-60x45.jpg 60w, https:\/\/amussol.org.do\/wp-content\/uploads\/2019\/12\/Reunion-Comite-De-Pilotaje-Guatemala-2019-120x90.jpg 120w, https:\/\/amussol.org.do\/wp-content\/uploads\/2019\/12\/Reunion-Comite-De-Pilotaje-Guatemala-2019-360x270.jpg 360w, https:\/\/amussol.org.do\/wp-content\/uploads\/2019\/12\/Reunion-Comite-De-Pilotaje-Guatemala-2019-213x160.jpg 213w, https:\/\/amussol.org.do\/wp-content\/uploads\/2019\/12\/Reunion-Comite-De-Pilotaje-Guatemala-2019-720x540.jpg 720w, https:\/\/amussol.org.do\/wp-content\/uploads\/2019\/12\/Reunion-Comite-De-Pilotaje-Guatemala-2019-252x189.jpg 252w, https:\/\/amussol.org.do\/wp-content\/uploads\/2019\/12\/Reunion-Comite-De-Pilotaje-Guatemala-2019.jpg 1032w\" sizes=\"(max-width: 300px) 100vw, 300px\" \/><\/a><figcaption id=\"caption-attachment-760\" class=\"wp-caption-text\">Reuni\u00f3n Continental Red Protecci\u00f3n Social Guatemala 2019<\/figcaption><\/figure>\n<figure id=\"attachment_761\" aria-describedby=\"caption-attachment-761\" style=\"width: 300px\" class=\"wp-caption alignleft\"><a href=\"http:\/\/amussol.org.do\/wp-content\/uploads\/2019\/12\/Semana-Global-Proteccion-Social.jpg\"><img loading=\"lazy\" decoding=\"async\" class=\"size-medium wp-image-761\" src=\"http:\/\/amussol.org.do\/wp-content\/uploads\/2019\/12\/Semana-Global-Proteccion-Social-300x238.jpg\" alt=\"\" width=\"300\" height=\"238\" srcset=\"https:\/\/amussol.org.do\/wp-content\/uploads\/2019\/12\/Semana-Global-Proteccion-Social-300x238.jpg 300w, https:\/\/amussol.org.do\/wp-content\/uploads\/2019\/12\/Semana-Global-Proteccion-Social-60x48.jpg 60w, https:\/\/amussol.org.do\/wp-content\/uploads\/2019\/12\/Semana-Global-Proteccion-Social-120x95.jpg 120w, https:\/\/amussol.org.do\/wp-content\/uploads\/2019\/12\/Semana-Global-Proteccion-Social-341x270.jpg 341w, https:\/\/amussol.org.do\/wp-content\/uploads\/2019\/12\/Semana-Global-Proteccion-Social-202x160.jpg 202w, https:\/\/amussol.org.do\/wp-content\/uploads\/2019\/12\/Semana-Global-Proteccion-Social-252x200.jpg 252w, https:\/\/amussol.org.do\/wp-content\/uploads\/2019\/12\/Semana-Global-Proteccion-Social.jpg 480w\" sizes=\"(max-width: 300px) 100vw, 300px\" \/><\/a><figcaption id=\"caption-attachment-761\" class=\"wp-caption-text\">Semana Global Protecci\u00f3n Social 25 Noviembre 2019<\/figcaption><\/figure>\n<figure id=\"attachment_759\" aria-describedby=\"caption-attachment-759\" style=\"width: 300px\" class=\"wp-caption alignleft\"><a href=\"http:\/\/amussol.org.do\/wp-content\/uploads\/2019\/12\/PUBLICACION.jpg\"><img loading=\"lazy\" decoding=\"async\" class=\"size-medium wp-image-759\" src=\"http:\/\/amussol.org.do\/wp-content\/uploads\/2019\/12\/PUBLICACION-300x225.jpg\" alt=\"\" width=\"300\" height=\"225\" srcset=\"https:\/\/amussol.org.do\/wp-content\/uploads\/2019\/12\/PUBLICACION-300x225.jpg 300w, https:\/\/amussol.org.do\/wp-content\/uploads\/2019\/12\/PUBLICACION-768x576.jpg 768w, https:\/\/amussol.org.do\/wp-content\/uploads\/2019\/12\/PUBLICACION-1024x768.jpg 1024w, https:\/\/amussol.org.do\/wp-content\/uploads\/2019\/12\/PUBLICACION-60x45.jpg 60w, https:\/\/amussol.org.do\/wp-content\/uploads\/2019\/12\/PUBLICACION-120x90.jpg 120w, https:\/\/amussol.org.do\/wp-content\/uploads\/2019\/12\/PUBLICACION-360x270.jpg 360w, https:\/\/amussol.org.do\/wp-content\/uploads\/2019\/12\/PUBLICACION-213x160.jpg 213w, https:\/\/amussol.org.do\/wp-content\/uploads\/2019\/12\/PUBLICACION-720x540.jpg 720w, https:\/\/amussol.org.do\/wp-content\/uploads\/2019\/12\/PUBLICACION-252x189.jpg 252w, https:\/\/amussol.org.do\/wp-content\/uploads\/2019\/12\/PUBLICACION.jpg 1032w\" sizes=\"(max-width: 300px) 100vw, 300px\" \/><\/a><figcaption id=\"caption-attachment-759\" class=\"wp-caption-text\">Conferencia de Mujeres CSA<\/figcaption><\/figure>\n","protected":false},"excerpt":{"rendered":"<p>&nbsp; 20.\u00aa Reuni\u00f3n Regional Americana 1-3 de octubre de 2025, Punta Cana Declaraci\u00f3n de Punta Cana para la democracia, paz, trabajo decente y di\u00e1logo social: uniendo a las Am\u00e9ricas para un futuro con desarrollo sostenible y justicia social. M\u00e1s informaci\u00f3n &nbsp; Jornada Mundial por el Trabajo Decente, Por la dignidad, la igualdad y los derechos [&hellip;]<\/p>\n","protected":false},"author":1,"featured_media":0,"parent":0,"menu_order":4,"comment_status":"open","ping_status":"open","template":"","meta":{"footnotes":""},"_links":{"self":[{"href":"https:\/\/amussol.org.do\/index.php?rest_route=\/wp\/v2\/pages\/9"}],"collection":[{"href":"https:\/\/amussol.org.do\/index.php?rest_route=\/wp\/v2\/pages"}],"about":[{"href":"https:\/\/amussol.org.do\/index.php?rest_route=\/wp\/v2\/types\/page"}],"author":[{"embeddable":true,"href":"https:\/\/amussol.org.do\/index.php?rest_route=\/wp\/v2\/users\/1"}],"replies":[{"embeddable":true,"href":"https:\/\/amussol.org.do\/index.php?rest_route=%2Fwp%2Fv2%2Fcomments&post=9"}],"version-history":[{"count":85,"href":"https:\/\/amussol.org.do\/index.php?rest_route=\/wp\/v2\/pages\/9\/revisions"}],"predecessor-version":[{"id":3457,"href":"https:\/\/amussol.org.do\/index.php?rest_route=\/wp\/v2\/pages\/9\/revisions\/3457"}],"wp:attachment":[{"href":"https:\/\/amussol.org.do\/index.php?rest_route=%2Fwp%2Fv2%2Fmedia&parent=9"}],"curies":[{"name":"wp","href":"https:\/\/api.w.org\/{rel}","templated":true}]}}